{"id":2843,"date":"2023-11-20T10:24:27","date_gmt":"2023-11-20T08:24:27","guid":{"rendered":"https:\/\/comunitatregants.org\/web\/?page_id=2843"},"modified":"2026-01-02T17:45:21","modified_gmt":"2026-01-02T15:45:21","slug":"directiva","status":"publish","type":"page","link":"https:\/\/comunitatregants.org\/web\/zones\/illariu\/directiva\/","title":{"rendered":"Junta Directiva"},"content":{"rendered":"\t\t<div data-elementor-type=\"wp-page\" data-elementor-id=\"2843\" class=\"elementor elementor-2843\">\n\t\t\t\t\t\t<section class=\"elementor-section elementor-top-section elementor-element elementor-element-c3ef750 elementor-section-full_width elementor-section-height-min-height elementor-section-height-default elementor-section-items-middle\" data-id=\"c3ef750\" data-element_type=\"section\" data-settings=\"{&quot;background_background&quot;:&quot;classic&quot;}\">\n\t\t\t\t\t\t<div class=\"elementor-container elementor-column-gap-default\">\n\t\t\t\t\t<div class=\"elementor-column elementor-col-100 elementor-top-column elementor-element elementor-element-2c41f0b\" data-id=\"2c41f0b\" data-element_type=\"column\">\n\t\t\t<div class=\"elementor-widget-wrap elementor-element-populated\">\n\t\t\t\t\t\t<div class=\"elementor-element elementor-element-b9b39ea elementor-widget elementor-widget-heading\" data-id=\"b9b39ea\" data-element_type=\"widget\" data-widget_type=\"heading.default\">\n\t\t\t\t<div class=\"elementor-widget-container\">\n\t\t\t<h1 class=\"elementor-heading-title elementor-size-default\">JUNTA DIRECTIVA<\/h1>\t\t<\/div>\n\t\t\t\t<\/div>\n\t\t\t\t<div class=\"elementor-element elementor-element-ef298cf elementor-align-center elementor-widget elementor-widget-raven-breadcrumbs\" data-id=\"ef298cf\" data-element_type=\"widget\" data-widget_type=\"raven-breadcrumbs.default\">\n\t\t\t\t<div class=\"elementor-widget-container\">\n\t\t\t<div class=\"raven-breadcrumbs raven-breadcrumbs-default\"><div class=\"breadcrumb\">\t\t\t\t<div class=\"breadcrumb-item active\" aria-current=\"page\"><span>Home<\/span><\/div>\n\n\t\t\t\t<\/div><\/div>\t\t<\/div>\n\t\t\t\t<\/div>\n\t\t\t\t\t<\/div>\n\t\t<\/div>\n\t\t\t\t\t<\/div>\n\t\t<\/section>\n\t\t\t\t<section class=\"elementor-section elementor-top-section elementor-element elementor-element-9f6e479 elementor-section-boxed elementor-section-height-default elementor-section-height-default\" data-id=\"9f6e479\" data-element_type=\"section\">\n\t\t\t\t\t\t<div class=\"elementor-container elementor-column-gap-no\">\n\t\t\t\t\t<div class=\"elementor-column elementor-col-100 elementor-top-column elementor-element elementor-element-dd68e1e\" data-id=\"dd68e1e\" data-element_type=\"column\">\n\t\t\t<div class=\"elementor-widget-wrap elementor-element-populated\">\n\t\t\t\t\t\t<div class=\"elementor-element elementor-element-23058de elementor-widget elementor-widget-heading\" data-id=\"23058de\" data-element_type=\"widget\" data-widget_type=\"heading.default\">\n\t\t\t\t<div class=\"elementor-widget-container\">\n\t\t\t<h2 class=\"elementor-heading-title elementor-size-default\">JUNTA DE GOVERN<\/h2>\t\t<\/div>\n\t\t\t\t<\/div>\n\t\t\t\t<div class=\"elementor-element elementor-element-08e87e8 elementor-widget elementor-widget-text-editor\" data-id=\"08e87e8\" data-element_type=\"widget\" data-widget_type=\"text-editor.default\">\n\t\t\t\t<div class=\"elementor-widget-container\">\n\t\t\t\t\t\t\t<div style=\"text-align: center;\"><strong>President&nbsp;<\/strong><\/div>\n<div style=\"text-align: center;\">Josep For\u00e9s Valls<\/div>\n<div style=\"text-align: center;\">&nbsp;<\/div>\n<div style=\"text-align: center;\"><strong>Vice-presidenta&nbsp;<\/strong><\/div>\n<div style=\"text-align: center;\">Nirvana Dur\u00e0 Franch<\/div>\n<div style=\"text-align: center;\">&nbsp;<\/div>\n<div style=\"text-align: center;\">\n<div><strong>Secretari&nbsp;<\/strong><\/div>\n<div>Jos\u00e9 Juan Prats Casanova<\/div>\n<div>&nbsp;<\/div>\n<div>\n<div><strong>Tresorer<\/strong><\/div>\n<div>Francisco Cherta Gisbert<\/div>\n<\/div>\n<\/div>\n<div style=\"text-align: center;\">&nbsp;<\/div>\n<div style=\"text-align: center;\"><strong>Vocals<\/strong><\/div>\n<div style=\"text-align: center;\">Josep Maria Vidal-Ribas de Bufal\u00e0<\/div>\n<div style=\"text-align: center;\">Juan Trias del Romero<\/div>\n<div style=\"text-align: center;\">Josep Llu\u00eds Torta Llu\u00eds<\/div>\t\t\t\t\t\t<\/div>\n\t\t\t\t<\/div>\n\t\t\t\t<div class=\"elementor-element elementor-element-66242af elementor-widget elementor-widget-heading\" data-id=\"66242af\" data-element_type=\"widget\" data-widget_type=\"heading.default\">\n\t\t\t\t<div class=\"elementor-widget-container\">\n\t\t\t<h2 class=\"elementor-heading-title elementor-size-default\">JURAT DE REGS<\/h2>\t\t<\/div>\n\t\t\t\t<\/div>\n\t\t\t\t<div class=\"elementor-element elementor-element-4ec71e7 elementor-widget elementor-widget-text-editor\" data-id=\"4ec71e7\" data-element_type=\"widget\" data-widget_type=\"text-editor.default\">\n\t\t\t\t<div class=\"elementor-widget-container\">\n\t\t\t\t\t\t\t<div style=\"text-align: center;\"><strong>Presidenta<\/strong>:&nbsp;\n<\/div>\n<div style=\"text-align: center;\">Nirvana Dur\u00e0 Franch\n<\/div>\n<div style=\"text-align: center;\"><br>\n<\/div>\n<div style=\"text-align: center;\"><strong>Secretari<\/strong>:&nbsp;\n<\/div>\n<div style=\"text-align: center;\">Jos\u00e9 Juan Prats Casanova&nbsp;\n<\/div>\n<div style=\"text-align: center;\"><br>\n<\/div>\n<div style=\"text-align: center;\"><strong>Vocals<\/strong>:&nbsp;\n<\/div>\n<div style=\"text-align: center;\">Jos\u00e9 Luis Callau Casanova&nbsp;\n<\/div>\n<div style=\"text-align: center;\">Anna Monells Vilar\u00f3&nbsp;&nbsp;\n<\/div>\n<div style=\"text-align: center;\"><br>\n<\/div>\n<div style=\"text-align: center;\"><strong>Vocals suplents:&nbsp;<\/strong>\n<\/div>\n<div style=\"text-align: center;\">Josep Llu\u00eds Torta Llu\u00eds\n<\/div>\n<div style=\"text-align: center;\">Josep For\u00e9s Valls\n<\/div>\t\t\t\t\t\t<\/div>\n\t\t\t\t<\/div>\n\t\t\t\t\t<\/div>\n\t\t<\/div>\n\t\t\t\t\t<\/div>\n\t\t<\/section>\n\t\t\t\t<\/div>\n\t\t","protected":false},"excerpt":{"rendered":"<p>JUNTA DIRECTIVA Home JUNTA DE GOVERN President&nbsp; Josep For\u00e9s Valls &nbsp; Vice-presidenta&nbsp; Nirvana Dur\u00e0 Franch &nbsp; Secretari&nbsp; Jos\u00e9 Juan Prats Casanova &nbsp; Tresorer Francisco Cherta Gisbert &nbsp; Vocals Josep Maria Vidal-Ribas de Bufal\u00e0 Juan Trias del Romero Josep Llu\u00eds Torta Llu\u00eds JURAT DE REGS Presidenta:&nbsp; Nirvana Dur\u00e0 Franch Secretari:&nbsp; Jos\u00e9 Juan Prats Casanova&nbsp; Vocals:&nbsp; Jos\u00e9 [&hellip;]<\/p>\n","protected":false},"author":1,"featured_media":0,"parent":2670,"menu_order":0,"comment_status":"closed","ping_status":"closed","template":"full-width.php","meta":{"_acf_changed":false,"footnotes":""},"class_list":["post-2843","page","type-page","status-publish","hentry"],"acf":[],"_links":{"self":[{"href":"https:\/\/comunitatregants.org\/web\/wp-json\/wp\/v2\/pages\/2843","targetHints":{"allow":["GET"]}}],"collection":[{"href":"https:\/\/comunitatregants.org\/web\/wp-json\/wp\/v2\/pages"}],"about":[{"href":"https:\/\/comunitatregants.org\/web\/wp-json\/wp\/v2\/types\/page"}],"author":[{"embeddable":true,"href":"https:\/\/comunitatregants.org\/web\/wp-json\/wp\/v2\/users\/1"}],"replies":[{"embeddable":true,"href":"https:\/\/comunitatregants.org\/web\/wp-json\/wp\/v2\/comments?post=2843"}],"version-history":[{"count":3,"href":"https:\/\/comunitatregants.org\/web\/wp-json\/wp\/v2\/pages\/2843\/revisions"}],"predecessor-version":[{"id":6573,"href":"https:\/\/comunitatregants.org\/web\/wp-json\/wp\/v2\/pages\/2843\/revisions\/6573"}],"up":[{"embeddable":true,"href":"https:\/\/comunitatregants.org\/web\/wp-json\/wp\/v2\/pages\/2670"}],"wp:attachment":[{"href":"https:\/\/comunitatregants.org\/web\/wp-json\/wp\/v2\/media?parent=2843"}],"curies":[{"name":"wp","href":"https:\/\/api.w.org\/{rel}","templated":true}]}}