{"id":2849,"date":"2023-11-20T10:26:12","date_gmt":"2023-11-20T08:26:12","guid":{"rendered":"https:\/\/comunitatregants.org\/web\/?page_id=2849"},"modified":"2024-08-26T11:00:05","modified_gmt":"2024-08-26T09:00:05","slug":"directiva","status":"publish","type":"page","link":"https:\/\/comunitatregants.org\/web\/zones\/santjaume\/directiva\/","title":{"rendered":"Junta Directiva"},"content":{"rendered":"\t\t<div data-elementor-type=\"wp-page\" data-elementor-id=\"2849\" class=\"elementor elementor-2849\">\n\t\t\t\t\t\t<section class=\"elementor-section elementor-top-section elementor-element elementor-element-c3ef750 elementor-section-full_width elementor-section-height-min-height elementor-section-height-default elementor-section-items-middle\" data-id=\"c3ef750\" data-element_type=\"section\" data-settings=\"{&quot;background_background&quot;:&quot;classic&quot;}\">\n\t\t\t\t\t\t<div class=\"elementor-container elementor-column-gap-default\">\n\t\t\t\t\t<div class=\"elementor-column elementor-col-100 elementor-top-column elementor-element elementor-element-2c41f0b\" data-id=\"2c41f0b\" data-element_type=\"column\">\n\t\t\t<div class=\"elementor-widget-wrap elementor-element-populated\">\n\t\t\t\t\t\t<div class=\"elementor-element elementor-element-b9b39ea elementor-widget elementor-widget-heading\" data-id=\"b9b39ea\" data-element_type=\"widget\" data-widget_type=\"heading.default\">\n\t\t\t\t<div class=\"elementor-widget-container\">\n\t\t\t<h1 class=\"elementor-heading-title elementor-size-default\">JUNTA DIRECTIVA<\/h1>\t\t<\/div>\n\t\t\t\t<\/div>\n\t\t\t\t<div class=\"elementor-element elementor-element-ef298cf elementor-align-center elementor-widget elementor-widget-raven-breadcrumbs\" data-id=\"ef298cf\" data-element_type=\"widget\" data-widget_type=\"raven-breadcrumbs.default\">\n\t\t\t\t<div class=\"elementor-widget-container\">\n\t\t\t<div class=\"raven-breadcrumbs raven-breadcrumbs-default\"><div class=\"breadcrumb\">\t\t\t\t<div class=\"breadcrumb-item active\" aria-current=\"page\"><span>Home<\/span><\/div>\n\n\t\t\t\t<\/div><\/div>\t\t<\/div>\n\t\t\t\t<\/div>\n\t\t\t\t\t<\/div>\n\t\t<\/div>\n\t\t\t\t\t<\/div>\n\t\t<\/section>\n\t\t\t\t<section class=\"elementor-section elementor-top-section elementor-element elementor-element-9f6e479 elementor-section-boxed elementor-section-height-default elementor-section-height-default\" data-id=\"9f6e479\" data-element_type=\"section\">\n\t\t\t\t\t\t<div class=\"elementor-container elementor-column-gap-no\">\n\t\t\t\t\t<div class=\"elementor-column elementor-col-100 elementor-top-column elementor-element elementor-element-dd68e1e\" data-id=\"dd68e1e\" data-element_type=\"column\">\n\t\t\t<div class=\"elementor-widget-wrap elementor-element-populated\">\n\t\t\t\t\t\t<div class=\"elementor-element elementor-element-6092352 elementor-widget elementor-widget-text-editor\" data-id=\"6092352\" data-element_type=\"widget\" data-widget_type=\"text-editor.default\">\n\t\t\t\t<div class=\"elementor-widget-container\">\n\t\t\t\t\t\t\t<p>Mari Albacar Masi\u00e0, Secret\u00e0ria de la Comunitat de Regants de Sant Jaume d&#8217;Enveja,\u00a0<\/p><p><strong>C E R T I F I C O<\/strong>:\u00a0<\/p><p>Que durant el transcurs de la Junta General Ordin\u00e0ria celebrada per la Comunitat de Regants de Sant Jaume d&#8217;Enveja el dia 18\/10\/2023, va tenir lloc la renovaci\u00f3 del memebres de la Junta de Govern i del Jurat de Regs.<\/p><p>A conseq\u00fc\u00e8ncia de les eleccions, la nova composici\u00f3 dels 2 \u00f2rgans d&#8217;aquesta Comunitat de Regants, que prendran possessi\u00f3 del c\u00e0rrec el primer dia h\u00e0bil de l&#8217;any seg\u00fcent, queda de la seg\u00fcent manera:<\/p>\t\t\t\t\t\t<\/div>\n\t\t\t\t<\/div>\n\t\t\t\t<div class=\"elementor-element elementor-element-23058de elementor-widget elementor-widget-heading\" data-id=\"23058de\" data-element_type=\"widget\" data-widget_type=\"heading.default\">\n\t\t\t\t<div class=\"elementor-widget-container\">\n\t\t\t<h2 class=\"elementor-heading-title elementor-size-default\">JUNTA DE GOVERN<\/h2>\t\t<\/div>\n\t\t\t\t<\/div>\n\t\t\t\t<div class=\"elementor-element elementor-element-08e87e8 elementor-widget elementor-widget-text-editor\" data-id=\"08e87e8\" data-element_type=\"widget\" data-widget_type=\"text-editor.default\">\n\t\t\t\t<div class=\"elementor-widget-container\">\n\t\t\t\t\t\t\t<div><b>Presid\u00e8ncia<\/b><\/div><ul><li><strong>Fins 2025\u00a0<\/strong>Joan Porres Benito<\/li><\/ul><div><div><span style=\"font-weight: bold;\">Vice-President<\/span><\/div><ul><li><span style=\"font-weight: bolder;\">Fins 2027<strong>\u00a0<\/strong><\/span>Francisco Prats Casanova<\/li><\/ul><p><span style=\"font-weight: bolder;\">Vocals<\/span><\/p><ul><li><span style=\"font-weight: bolder;\">Fins 2025<span style=\"font-weight: bolder;\">\u00a0<\/span><\/span>Jose Baltasar Navarro Mir\u00f3<\/li><li><span style=\"font-weight: bolder;\">Fins 2025 <\/span>Agust\u00ed Casanova Colom\u00e9<\/li><li><span style=\"font-weight: bolder;\">Fins 2027 <\/span>V\u00edctor Casanova Gonz\u00e1lez<\/li><li><span style=\"font-weight: bolder;\">Fins 2027 <\/span>Pedro Torta Llu\u00eds<\/li><\/ul><p><span style=\"font-weight: bolder;\">Suplent<\/span><\/p><ul><li><span style=\"font-weight: bolder;\">Fins 2027 <\/span>M. \u00c0ngels Panisello Beltri<\/li><\/ul><div>\u00a0<\/div><\/div>\t\t\t\t\t\t<\/div>\n\t\t\t\t<\/div>\n\t\t\t\t<div class=\"elementor-element elementor-element-66242af elementor-widget elementor-widget-heading\" data-id=\"66242af\" data-element_type=\"widget\" data-widget_type=\"heading.default\">\n\t\t\t\t<div class=\"elementor-widget-container\">\n\t\t\t<h2 class=\"elementor-heading-title elementor-size-default\">JURAT DE REGS<\/h2>\t\t<\/div>\n\t\t\t\t<\/div>\n\t\t\t\t<div class=\"elementor-element elementor-element-4ec71e7 elementor-widget elementor-widget-text-editor\" data-id=\"4ec71e7\" data-element_type=\"widget\" data-widget_type=\"text-editor.default\">\n\t\t\t\t<div class=\"elementor-widget-container\">\n\t\t\t\t\t\t\t<div>Presid\u00e8ncia<\/div><ul><li><strong>Fins 2025\u00a0<\/strong>Francisco Prats Casanova<\/li><\/ul><div><div><span style=\"font-weight: bold;\">Vice-President<\/span><\/div><ul><li><span style=\"font-weight: bolder;\">Fins 2027<strong>\u00a0<\/strong><\/span>Eduardo Queral Beltri<\/li><\/ul><p><span style=\"font-weight: bolder;\">Vocals<\/span><\/p><ul><li><span style=\"font-weight: bolder;\">Fins 2025\u00a0<\/span>Jose Tomas Fornos<\/li><li><span style=\"font-weight: bolder;\">Fins 2025 <\/span>Jose Fumado Forcadell<\/li><li><span style=\"font-weight: bolder;\">Fins 2027 <\/span>Emeterio Cervera Casanova<\/li><\/ul><p><span style=\"font-weight: bolder;\">Suplent<\/span><\/p><ul><li><span style=\"font-weight: bolder;\">Fins 2027 <\/span>Anselmo Oliva Masi\u00e0<\/li><\/ul><div>\u00a0<\/div><div><b><a href=\"http:\/\/comunitatregants.org\/doc\/certificat-junta-govern-ctat-st-jaume-2024.pdf\" target=\"_blank\" rel=\"noopener\">Composici\u00f3 \u00f2rgans directius<\/a><\/b><\/div><\/div>\t\t\t\t\t\t<\/div>\n\t\t\t\t<\/div>\n\t\t\t\t\t<\/div>\n\t\t<\/div>\n\t\t\t\t\t<\/div>\n\t\t<\/section>\n\t\t\t\t<\/div>\n\t\t","protected":false},"excerpt":{"rendered":"<p>JUNTA DIRECTIVA Home Mari Albacar Masi\u00e0, Secret\u00e0ria de la Comunitat de Regants de Sant Jaume d&#8217;Enveja,\u00a0 C E R T I F I C O:\u00a0 Que durant el transcurs de la Junta General Ordin\u00e0ria celebrada per la Comunitat de Regants de Sant Jaume d&#8217;Enveja el dia 18\/10\/2023, va tenir lloc la renovaci\u00f3 del memebres de [&hellip;]<\/p>\n","protected":false},"author":1,"featured_media":0,"parent":2667,"menu_order":0,"comment_status":"closed","ping_status":"closed","template":"full-width.php","meta":{"_acf_changed":false,"footnotes":""},"class_list":["post-2849","page","type-page","status-publish","hentry"],"acf":[],"_links":{"self":[{"href":"https:\/\/comunitatregants.org\/web\/wp-json\/wp\/v2\/pages\/2849","targetHints":{"allow":["GET"]}}],"collection":[{"href":"https:\/\/comunitatregants.org\/web\/wp-json\/wp\/v2\/pages"}],"about":[{"href":"https:\/\/comunitatregants.org\/web\/wp-json\/wp\/v2\/types\/page"}],"author":[{"embeddable":true,"href":"https:\/\/comunitatregants.org\/web\/wp-json\/wp\/v2\/users\/1"}],"replies":[{"embeddable":true,"href":"https:\/\/comunitatregants.org\/web\/wp-json\/wp\/v2\/comments?post=2849"}],"version-history":[{"count":0,"href":"https:\/\/comunitatregants.org\/web\/wp-json\/wp\/v2\/pages\/2849\/revisions"}],"up":[{"embeddable":true,"href":"https:\/\/comunitatregants.org\/web\/wp-json\/wp\/v2\/pages\/2667"}],"wp:attachment":[{"href":"https:\/\/comunitatregants.org\/web\/wp-json\/wp\/v2\/media?parent=2849"}],"curies":[{"name":"wp","href":"https:\/\/api.w.org\/{rel}","templated":true}]}}