{"id":2898,"date":"2023-12-04T09:03:32","date_gmt":"2023-12-04T07:03:32","guid":{"rendered":"https:\/\/comunitatregants.org\/web\/?page_id=2898"},"modified":"2026-03-03T13:37:35","modified_gmt":"2026-03-03T11:37:35","slug":"juntesgenerals","status":"publish","type":"page","link":"https:\/\/comunitatregants.org\/web\/zones\/santjaume\/juntesgenerals\/","title":{"rendered":"Juntes Generals"},"content":{"rendered":"\t\t<div data-elementor-type=\"wp-page\" data-elementor-id=\"2898\" class=\"elementor elementor-2898\">\n\t\t\t\t\t\t<section class=\"elementor-section elementor-top-section elementor-element elementor-element-c3ef750 elementor-section-full_width elementor-section-height-min-height elementor-section-height-default elementor-section-items-middle\" data-id=\"c3ef750\" data-element_type=\"section\" data-settings=\"{&quot;background_background&quot;:&quot;classic&quot;}\">\n\t\t\t\t\t\t<div class=\"elementor-container elementor-column-gap-default\">\n\t\t\t\t\t<div class=\"elementor-column elementor-col-100 elementor-top-column elementor-element elementor-element-2c41f0b\" data-id=\"2c41f0b\" data-element_type=\"column\">\n\t\t\t<div class=\"elementor-widget-wrap elementor-element-populated\">\n\t\t\t\t\t\t<div class=\"elementor-element elementor-element-b9b39ea elementor-widget elementor-widget-heading\" data-id=\"b9b39ea\" data-element_type=\"widget\" data-widget_type=\"heading.default\">\n\t\t\t\t<div class=\"elementor-widget-container\">\n\t\t\t<h1 class=\"elementor-heading-title elementor-size-default\">JUNTES GENERALS<\/h1>\t\t<\/div>\n\t\t\t\t<\/div>\n\t\t\t\t<div class=\"elementor-element elementor-element-ef298cf elementor-align-center elementor-widget elementor-widget-raven-breadcrumbs\" data-id=\"ef298cf\" data-element_type=\"widget\" data-widget_type=\"raven-breadcrumbs.default\">\n\t\t\t\t<div class=\"elementor-widget-container\">\n\t\t\t<div class=\"raven-breadcrumbs raven-breadcrumbs-default\"><div class=\"breadcrumb\">\t\t\t\t<div class=\"breadcrumb-item active\" aria-current=\"page\"><span>Home<\/span><\/div>\n\n\t\t\t\t<\/div><\/div>\t\t<\/div>\n\t\t\t\t<\/div>\n\t\t\t\t\t<\/div>\n\t\t<\/div>\n\t\t\t\t\t<\/div>\n\t\t<\/section>\n\t\t\t\t<section class=\"elementor-section elementor-top-section elementor-element elementor-element-9f6e479 elementor-section-boxed elementor-section-height-default elementor-section-height-default\" data-id=\"9f6e479\" data-element_type=\"section\">\n\t\t\t\t\t\t<div class=\"elementor-container elementor-column-gap-no\">\n\t\t\t\t\t<div class=\"elementor-column elementor-col-100 elementor-top-column elementor-element elementor-element-dd68e1e\" data-id=\"dd68e1e\" data-element_type=\"column\">\n\t\t\t<div class=\"elementor-widget-wrap elementor-element-populated\">\n\t\t\t\t\t\t<div class=\"elementor-element elementor-element-8f5ef44 elementor-widget elementor-widget-toggle\" data-id=\"8f5ef44\" data-element_type=\"widget\" data-widget_type=\"toggle.default\">\n\t\t\t\t<div class=\"elementor-widget-container\">\n\t\t\t\t\t<div class=\"elementor-toggle\">\n\t\t\t\t\t\t\t<div class=\"elementor-toggle-item\">\n\t\t\t\t\t<div id=\"elementor-tab-title-1501\" class=\"elementor-tab-title\" data-tab=\"1\" role=\"button\" aria-controls=\"elementor-tab-content-1501\" aria-expanded=\"false\">\n\t\t\t\t\t\t\t\t\t\t\t\t<span class=\"elementor-toggle-icon elementor-toggle-icon-left\" aria-hidden=\"true\">\n\t\t\t\t\t\t\t\t\t\t\t\t\t\t\t<span class=\"elementor-toggle-icon-closed\"><i class=\"fas fa-caret-right\"><\/i><\/span>\n\t\t\t\t\t\t\t\t<span class=\"elementor-toggle-icon-opened\"><i class=\"elementor-toggle-icon-opened fas fa-caret-up\"><\/i><\/span>\n\t\t\t\t\t\t\t\t\t\t\t\t\t<\/span>\n\t\t\t\t\t\t\t\t\t\t\t\t<a class=\"elementor-toggle-title\" tabindex=\"0\">2026<\/a>\n\t\t\t\t\t<\/div>\n\n\t\t\t\t\t<div id=\"elementor-tab-content-1501\" class=\"elementor-tab-content elementor-clearfix\" data-tab=\"1\" role=\"region\" aria-labelledby=\"elementor-tab-title-1501\"><p><a href=\"https:\/\/comunitatregants.org\/web\/wp-content\/uploads\/2026\/03\/T-EDICTE-MARC-2026-signat.pdf\">Convocat\u00f2ria Junta General Ordin\u00e0ria a celebrar el 26 de Mar\u00e7 de 2026<\/a><\/p><\/div>\n\t\t\t\t<\/div>\n\t\t\t\t\t\t\t<div class=\"elementor-toggle-item\">\n\t\t\t\t\t<div id=\"elementor-tab-title-1502\" class=\"elementor-tab-title\" data-tab=\"2\" role=\"button\" aria-controls=\"elementor-tab-content-1502\" aria-expanded=\"false\">\n\t\t\t\t\t\t\t\t\t\t\t\t<span class=\"elementor-toggle-icon elementor-toggle-icon-left\" aria-hidden=\"true\">\n\t\t\t\t\t\t\t\t\t\t\t\t\t\t\t<span class=\"elementor-toggle-icon-closed\"><i class=\"fas fa-caret-right\"><\/i><\/span>\n\t\t\t\t\t\t\t\t<span class=\"elementor-toggle-icon-opened\"><i class=\"elementor-toggle-icon-opened fas fa-caret-up\"><\/i><\/span>\n\t\t\t\t\t\t\t\t\t\t\t\t\t<\/span>\n\t\t\t\t\t\t\t\t\t\t\t\t<a class=\"elementor-toggle-title\" tabindex=\"0\">2025<\/a>\n\t\t\t\t\t<\/div>\n\n\t\t\t\t\t<div id=\"elementor-tab-content-1502\" class=\"elementor-tab-content elementor-clearfix\" data-tab=\"2\" role=\"region\" aria-labelledby=\"elementor-tab-title-1502\"><p><a href=\"https:\/\/comunitatregants.org\/web\/wp-content\/uploads\/2025\/09\/EDICTE-OCTUBRE-2025_BOP-signat.pdf\">Convocat\u00f2ria Junta General Ordin\u00e0ria a celebrar el 17 d&#8217;Octubre de 2025<\/a><\/p><p><a href=\"https:\/\/comunitatregants.org\/web\/wp-content\/uploads\/2025\/09\/EDICTE-OCTUBRE-2025_BOE-EXTRAORDINARIA-signat.pdf\">Convocat\u00f2ria Junta General Extraordin\u00e0ria a celebrar el 17 d&#8217;Octubre de 2025<\/a><\/p><p><a href=\"https:\/\/comunitatregants.org\/web\/wp-content\/uploads\/2025\/03\/T-EDICTE-MARC-2025-signat.pdf\">Convocat\u00f2ria Junta General Ordin\u00e0ria a celebrar el dia 20 de Mar\u00e7 de 2025<\/a><\/p><\/div>\n\t\t\t\t<\/div>\n\t\t\t\t\t\t\t<div class=\"elementor-toggle-item\">\n\t\t\t\t\t<div id=\"elementor-tab-title-1503\" class=\"elementor-tab-title\" data-tab=\"3\" role=\"button\" aria-controls=\"elementor-tab-content-1503\" aria-expanded=\"false\">\n\t\t\t\t\t\t\t\t\t\t\t\t<span class=\"elementor-toggle-icon elementor-toggle-icon-left\" aria-hidden=\"true\">\n\t\t\t\t\t\t\t\t\t\t\t\t\t\t\t<span class=\"elementor-toggle-icon-closed\"><i class=\"fas fa-caret-right\"><\/i><\/span>\n\t\t\t\t\t\t\t\t<span class=\"elementor-toggle-icon-opened\"><i class=\"elementor-toggle-icon-opened fas fa-caret-up\"><\/i><\/span>\n\t\t\t\t\t\t\t\t\t\t\t\t\t<\/span>\n\t\t\t\t\t\t\t\t\t\t\t\t<a class=\"elementor-toggle-title\" tabindex=\"0\">2024<\/a>\n\t\t\t\t\t<\/div>\n\n\t\t\t\t\t<div id=\"elementor-tab-content-1503\" class=\"elementor-tab-content elementor-clearfix\" data-tab=\"3\" role=\"region\" aria-labelledby=\"elementor-tab-title-1503\"><p><a href=\"https:\/\/comunitatregants.org\/web\/wp-content\/uploads\/2024\/09\/EDICTE-OCTUBRE-2024_BOP-signat.pdf\">Convocat\u00f2ria Junta General Ordin\u00e0ria a celebrar el dia 21 d&#8217;Octubre de 2024<\/a><\/p><p><a href=\"https:\/\/comunitatregants.org\/web\/wp-content\/uploads\/2024\/09\/EDICTE-OCTUBRE-2024_BOP-EXTRAORDINARIA-signat.pdf\">Convocat\u00f2ria Junta General Extraordin\u00e0ria a celebrar el dia 21 d&#8217;Octubre de 2024<\/a><\/p><p><a href=\"https:\/\/comunitatregants.org\/web\/wp-content\/uploads\/2024\/09\/T-EDICTE-MARC-2024-SIGNAT.pdf\">Convocat\u00f2ria Junta General Ordin\u00e0ria a celebrar el dia 5 d&#8217;Abril de 2024<\/a><\/p><\/div>\n\t\t\t\t<\/div>\n\t\t\t\t\t\t\t<div class=\"elementor-toggle-item\">\n\t\t\t\t\t<div id=\"elementor-tab-title-1504\" class=\"elementor-tab-title\" data-tab=\"4\" role=\"button\" aria-controls=\"elementor-tab-content-1504\" aria-expanded=\"false\">\n\t\t\t\t\t\t\t\t\t\t\t\t<span class=\"elementor-toggle-icon elementor-toggle-icon-left\" aria-hidden=\"true\">\n\t\t\t\t\t\t\t\t\t\t\t\t\t\t\t<span class=\"elementor-toggle-icon-closed\"><i class=\"fas fa-caret-right\"><\/i><\/span>\n\t\t\t\t\t\t\t\t<span class=\"elementor-toggle-icon-opened\"><i class=\"elementor-toggle-icon-opened fas fa-caret-up\"><\/i><\/span>\n\t\t\t\t\t\t\t\t\t\t\t\t\t<\/span>\n\t\t\t\t\t\t\t\t\t\t\t\t<a class=\"elementor-toggle-title\" tabindex=\"0\">2023<\/a>\n\t\t\t\t\t<\/div>\n\n\t\t\t\t\t<div id=\"elementor-tab-content-1504\" class=\"elementor-tab-content elementor-clearfix\" data-tab=\"4\" role=\"region\" aria-labelledby=\"elementor-tab-title-1504\"><p><a href=\"https:\/\/www.comunitatregants.org\/doc\/convocatoria-junta-ordinaria-st-jaume-20231018.pdf\">Convocat\u00f2ria Junta General Ordin\u00e0ria a celebrar el dia 18 d&#8217;octubre de 2023<\/a><\/p><p><a href=\"https:\/\/www.comunitatregants.org\/doc\/convocatoria-junta-ordinaria-st-jaume-20230324.pdf\">Convocat\u00f2ria Junta General Ordin\u00e0ria a celebrar el dia 24 de mar\u00e7 de 2023<\/a>\u00a0\u00a0<\/p><\/div>\n\t\t\t\t<\/div>\n\t\t\t\t\t\t\t<div class=\"elementor-toggle-item\">\n\t\t\t\t\t<div id=\"elementor-tab-title-1505\" class=\"elementor-tab-title\" data-tab=\"5\" role=\"button\" aria-controls=\"elementor-tab-content-1505\" aria-expanded=\"false\">\n\t\t\t\t\t\t\t\t\t\t\t\t<span class=\"elementor-toggle-icon elementor-toggle-icon-left\" aria-hidden=\"true\">\n\t\t\t\t\t\t\t\t\t\t\t\t\t\t\t<span class=\"elementor-toggle-icon-closed\"><i class=\"fas fa-caret-right\"><\/i><\/span>\n\t\t\t\t\t\t\t\t<span class=\"elementor-toggle-icon-opened\"><i class=\"elementor-toggle-icon-opened fas fa-caret-up\"><\/i><\/span>\n\t\t\t\t\t\t\t\t\t\t\t\t\t<\/span>\n\t\t\t\t\t\t\t\t\t\t\t\t<a class=\"elementor-toggle-title\" tabindex=\"0\">2022<\/a>\n\t\t\t\t\t<\/div>\n\n\t\t\t\t\t<div id=\"elementor-tab-content-1505\" class=\"elementor-tab-content elementor-clearfix\" data-tab=\"5\" role=\"region\" aria-labelledby=\"elementor-tab-title-1505\"><p><a href=\"https:\/\/www.comunitatregants.org\/doc\/edicte-junta-general-st-jaume-20221021.pdf\">Convocat\u00f2ria Junta General Ordin\u00e0ria a celebrar el dia 21 d&#8217;octubre de 2022<\/a><\/p><p><a href=\"https:\/\/www.comunitatregants.org\/doc\/convocatoria-junta-general-sant-jaume-20220325.pdf\">Convocat\u00f2ria Junta General Ordin\u00e0ria a celebrar el dia 25 de mar\u00e7 de 2022<\/a><\/p><\/div>\n\t\t\t\t<\/div>\n\t\t\t\t\t\t\t<div class=\"elementor-toggle-item\">\n\t\t\t\t\t<div id=\"elementor-tab-title-1506\" class=\"elementor-tab-title\" data-tab=\"6\" role=\"button\" aria-controls=\"elementor-tab-content-1506\" aria-expanded=\"false\">\n\t\t\t\t\t\t\t\t\t\t\t\t<span class=\"elementor-toggle-icon elementor-toggle-icon-left\" aria-hidden=\"true\">\n\t\t\t\t\t\t\t\t\t\t\t\t\t\t\t<span class=\"elementor-toggle-icon-closed\"><i class=\"fas fa-caret-right\"><\/i><\/span>\n\t\t\t\t\t\t\t\t<span class=\"elementor-toggle-icon-opened\"><i class=\"elementor-toggle-icon-opened fas fa-caret-up\"><\/i><\/span>\n\t\t\t\t\t\t\t\t\t\t\t\t\t<\/span>\n\t\t\t\t\t\t\t\t\t\t\t\t<a class=\"elementor-toggle-title\" tabindex=\"0\">2021<\/a>\n\t\t\t\t\t<\/div>\n\n\t\t\t\t\t<div id=\"elementor-tab-content-1506\" class=\"elementor-tab-content elementor-clearfix\" data-tab=\"6\" role=\"region\" aria-labelledby=\"elementor-tab-title-1506\"><p><a href=\"https:\/\/www.comunitatregants.org\/doc\/acta-aprovacio-candidatura-ctat-stjaume-2021.pdf\">Acta aprovaci\u00f3 candidatures presentades per a les properes eleccions a celebrar el dia 21 d&#8217;octubre de 2021<\/a><\/p><p><a href=\"https:\/\/comunitatregants.org\/doc\/convocatoria-junta-general-ctat-st-jaume-20211021.pdf\">Convocat\u00f2ria Junta General Ordin\u00e0ria a celebrar el dia 21 d&#8217;octubre de 2021<\/a>\u00a0\u00a0<\/p><p><a href=\"https:\/\/comunitatregants.org\/doc\/convocatoria-junta-ordinaria-ctat-sat-jaume-20210326.pdf\">Convocat\u00f2ria Junta General Ordin\u00e0ria a celebrar el dia 26 de mar\u00e7 de 2021<\/a>\u00a0\u00a0<\/p><\/div>\n\t\t\t\t<\/div>\n\t\t\t\t\t\t\t<div class=\"elementor-toggle-item\">\n\t\t\t\t\t<div id=\"elementor-tab-title-1507\" class=\"elementor-tab-title\" data-tab=\"7\" role=\"button\" aria-controls=\"elementor-tab-content-1507\" aria-expanded=\"false\">\n\t\t\t\t\t\t\t\t\t\t\t\t<span class=\"elementor-toggle-icon elementor-toggle-icon-left\" aria-hidden=\"true\">\n\t\t\t\t\t\t\t\t\t\t\t\t\t\t\t<span class=\"elementor-toggle-icon-closed\"><i class=\"fas fa-caret-right\"><\/i><\/span>\n\t\t\t\t\t\t\t\t<span class=\"elementor-toggle-icon-opened\"><i class=\"elementor-toggle-icon-opened fas fa-caret-up\"><\/i><\/span>\n\t\t\t\t\t\t\t\t\t\t\t\t\t<\/span>\n\t\t\t\t\t\t\t\t\t\t\t\t<a class=\"elementor-toggle-title\" tabindex=\"0\">2020<\/a>\n\t\t\t\t\t<\/div>\n\n\t\t\t\t\t<div id=\"elementor-tab-content-1507\" class=\"elementor-tab-content elementor-clearfix\" data-tab=\"7\" role=\"region\" aria-labelledby=\"elementor-tab-title-1507\"><p><a href=\"https:\/\/www.comunitatregants.org\/doc\/anunci-suspensio-junta-general-st-jaume-20201022.pdf\">Anunci suspensi\u00f3 convocat\u00f2ria Junta General prevista per al 22\/10\/2020<\/a>\u00a0\u00a0<\/p><p><a href=\"https:\/\/www.comunitatregants.org\/doc\/convocatoria-junta-general-st-jaume-20201022.pdf\">Celebraci\u00f3 de dos Juntes Generals Ordin\u00e0ries de la Zona Sant Jaume d&#8217;Enveja a celebrar el dia 22 d&#8217;octubre de 2020<\/a><\/p><p><a href=\"https:\/\/www.comunitatregants.org\/doc\/nota-informativa-junta-general-sant-jaume-maig-2020.pdf\">Nota informativa sobre la Junta General suspesa<\/a><\/p><p><a href=\"https:\/\/www.comunitatregants.org\/doc\/suspensio-junta-sant-jaume.pdf\">Anul\u00b7laci\u00f3 Junta General Ordin\u00e0ria prevista per al 3 d&#8217;abril de 2020 a causa del COVID 19<\/a><\/p><\/div>\n\t\t\t\t<\/div>\n\t\t\t\t\t\t\t\t<\/div>\n\t\t\t\t<\/div>\n\t\t\t\t<\/div>\n\t\t\t\t\t<\/div>\n\t\t<\/div>\n\t\t\t\t\t<\/div>\n\t\t<\/section>\n\t\t\t\t<\/div>\n\t\t","protected":false},"excerpt":{"rendered":"<p>JUNTES GENERALS Home 2026 Convocat\u00f2ria Junta General Ordin\u00e0ria a celebrar el 26 de Mar\u00e7 de 2026 2025 Convocat\u00f2ria Junta General Ordin\u00e0ria a celebrar el 17 d&#8217;Octubre de 2025 Convocat\u00f2ria Junta General Extraordin\u00e0ria a celebrar el 17 d&#8217;Octubre de 2025 Convocat\u00f2ria Junta General Ordin\u00e0ria a celebrar el dia 20 de Mar\u00e7 de 2025 2024 Convocat\u00f2ria Junta [&hellip;]<\/p>\n","protected":false},"author":1,"featured_media":0,"parent":2667,"menu_order":0,"comment_status":"closed","ping_status":"closed","template":"full-width.php","meta":{"_acf_changed":false,"footnotes":""},"class_list":["post-2898","page","type-page","status-publish","hentry"],"acf":[],"_links":{"self":[{"href":"https:\/\/comunitatregants.org\/web\/wp-json\/wp\/v2\/pages\/2898","targetHints":{"allow":["GET"]}}],"collection":[{"href":"https:\/\/comunitatregants.org\/web\/wp-json\/wp\/v2\/pages"}],"about":[{"href":"https:\/\/comunitatregants.org\/web\/wp-json\/wp\/v2\/types\/page"}],"author":[{"embeddable":true,"href":"https:\/\/comunitatregants.org\/web\/wp-json\/wp\/v2\/users\/1"}],"replies":[{"embeddable":true,"href":"https:\/\/comunitatregants.org\/web\/wp-json\/wp\/v2\/comments?post=2898"}],"version-history":[{"count":9,"href":"https:\/\/comunitatregants.org\/web\/wp-json\/wp\/v2\/pages\/2898\/revisions"}],"predecessor-version":[{"id":6661,"href":"https:\/\/comunitatregants.org\/web\/wp-json\/wp\/v2\/pages\/2898\/revisions\/6661"}],"up":[{"embeddable":true,"href":"https:\/\/comunitatregants.org\/web\/wp-json\/wp\/v2\/pages\/2667"}],"wp:attachment":[{"href":"https:\/\/comunitatregants.org\/web\/wp-json\/wp\/v2\/media?parent=2898"}],"curies":[{"name":"wp","href":"https:\/\/api.w.org\/{rel}","templated":true}]}}