{"id":3122,"date":"2024-01-05T13:19:04","date_gmt":"2024-01-05T11:19:04","guid":{"rendered":"https:\/\/comunitatregants.org\/web\/?page_id=3122"},"modified":"2026-03-06T09:14:57","modified_gmt":"2026-03-06T07:14:57","slug":"juntesgenerals","status":"publish","type":"page","link":"https:\/\/comunitatregants.org\/web\/zones\/poblenou\/juntesgenerals\/","title":{"rendered":"Juntes Generals"},"content":{"rendered":"\t\t<div data-elementor-type=\"wp-page\" data-elementor-id=\"3122\" class=\"elementor elementor-3122\">\n\t\t\t\t\t\t<section class=\"elementor-section elementor-top-section elementor-element elementor-element-c3ef750 elementor-section-full_width elementor-section-height-min-height elementor-section-height-default elementor-section-items-middle\" data-id=\"c3ef750\" data-element_type=\"section\" data-settings=\"{&quot;background_background&quot;:&quot;classic&quot;}\">\n\t\t\t\t\t\t<div class=\"elementor-container elementor-column-gap-default\">\n\t\t\t\t\t<div class=\"elementor-column elementor-col-100 elementor-top-column elementor-element elementor-element-2c41f0b\" data-id=\"2c41f0b\" data-element_type=\"column\">\n\t\t\t<div class=\"elementor-widget-wrap elementor-element-populated\">\n\t\t\t\t\t\t<div class=\"elementor-element elementor-element-b9b39ea elementor-widget elementor-widget-heading\" data-id=\"b9b39ea\" data-element_type=\"widget\" data-widget_type=\"heading.default\">\n\t\t\t\t<div class=\"elementor-widget-container\">\n\t\t\t<h1 class=\"elementor-heading-title elementor-size-default\">JUNTES GENERALS<\/h1>\t\t<\/div>\n\t\t\t\t<\/div>\n\t\t\t\t<div class=\"elementor-element elementor-element-ef298cf elementor-align-center elementor-widget elementor-widget-raven-breadcrumbs\" data-id=\"ef298cf\" data-element_type=\"widget\" data-widget_type=\"raven-breadcrumbs.default\">\n\t\t\t\t<div class=\"elementor-widget-container\">\n\t\t\t<div class=\"raven-breadcrumbs raven-breadcrumbs-default\"><div class=\"breadcrumb\">\t\t\t\t<div class=\"breadcrumb-item active\" aria-current=\"page\"><span>Home<\/span><\/div>\n\n\t\t\t\t<\/div><\/div>\t\t<\/div>\n\t\t\t\t<\/div>\n\t\t\t\t\t<\/div>\n\t\t<\/div>\n\t\t\t\t\t<\/div>\n\t\t<\/section>\n\t\t\t\t<section class=\"elementor-section elementor-top-section elementor-element elementor-element-9f6e479 elementor-section-boxed elementor-section-height-default elementor-section-height-default\" data-id=\"9f6e479\" data-element_type=\"section\" data-settings=\"{&quot;background_background&quot;:&quot;classic&quot;}\">\n\t\t\t\t\t\t<div class=\"elementor-container elementor-column-gap-no\">\n\t\t\t\t\t<div class=\"elementor-column elementor-col-100 elementor-top-column elementor-element elementor-element-dd68e1e\" data-id=\"dd68e1e\" data-element_type=\"column\">\n\t\t\t<div class=\"elementor-widget-wrap elementor-element-populated\">\n\t\t\t\t\t\t<div class=\"elementor-element elementor-element-9562410 elementor-widget elementor-widget-toggle\" data-id=\"9562410\" data-element_type=\"widget\" data-widget_type=\"toggle.default\">\n\t\t\t\t<div class=\"elementor-widget-container\">\n\t\t\t\t\t<div class=\"elementor-toggle\">\n\t\t\t\t\t\t\t<div class=\"elementor-toggle-item\">\n\t\t\t\t\t<div id=\"elementor-tab-title-1561\" class=\"elementor-tab-title\" data-tab=\"1\" role=\"button\" aria-controls=\"elementor-tab-content-1561\" aria-expanded=\"false\">\n\t\t\t\t\t\t\t\t\t\t\t\t<span class=\"elementor-toggle-icon elementor-toggle-icon-left\" aria-hidden=\"true\">\n\t\t\t\t\t\t\t\t\t\t\t\t\t\t\t<span class=\"elementor-toggle-icon-closed\"><i class=\"fas fa-caret-right\"><\/i><\/span>\n\t\t\t\t\t\t\t\t<span class=\"elementor-toggle-icon-opened\"><i class=\"elementor-toggle-icon-opened fas fa-caret-up\"><\/i><\/span>\n\t\t\t\t\t\t\t\t\t\t\t\t\t<\/span>\n\t\t\t\t\t\t\t\t\t\t\t\t<a class=\"elementor-toggle-title\" tabindex=\"0\">2026<\/a>\n\t\t\t\t\t<\/div>\n\n\t\t\t\t\t<div id=\"elementor-tab-content-1561\" class=\"elementor-tab-content elementor-clearfix\" data-tab=\"1\" role=\"region\" aria-labelledby=\"elementor-tab-title-1561\"><p>\u00a0<\/p><ul><li><a href=\"https:\/\/comunitatregants.org\/web\/wp-content\/uploads\/2026\/03\/BOE-Convocatoria-Junta-General-27-03-26.pdf\">(BOE) Convocat\u00f2ria Junta General Ordin\u00e0ria celebrar el dia 27 de Mar\u00e7 de 2026<\/a><\/li><li><a href=\"https:\/\/comunitatregants.org\/web\/wp-content\/uploads\/2026\/03\/Convocatoria-Junta-General-27-03-26.pdf\">Convocat\u00f2ria Junta General Ordin\u00e0ria celebrar el dia 27 de Mar\u00e7 de 2026<\/a><\/li><\/ul><\/div>\n\t\t\t\t<\/div>\n\t\t\t\t\t\t\t<div class=\"elementor-toggle-item\">\n\t\t\t\t\t<div id=\"elementor-tab-title-1562\" class=\"elementor-tab-title\" data-tab=\"2\" role=\"button\" aria-controls=\"elementor-tab-content-1562\" aria-expanded=\"false\">\n\t\t\t\t\t\t\t\t\t\t\t\t<span class=\"elementor-toggle-icon elementor-toggle-icon-left\" aria-hidden=\"true\">\n\t\t\t\t\t\t\t\t\t\t\t\t\t\t\t<span class=\"elementor-toggle-icon-closed\"><i class=\"fas fa-caret-right\"><\/i><\/span>\n\t\t\t\t\t\t\t\t<span class=\"elementor-toggle-icon-opened\"><i class=\"elementor-toggle-icon-opened fas fa-caret-up\"><\/i><\/span>\n\t\t\t\t\t\t\t\t\t\t\t\t\t<\/span>\n\t\t\t\t\t\t\t\t\t\t\t\t<a class=\"elementor-toggle-title\" tabindex=\"0\">2025<\/a>\n\t\t\t\t\t<\/div>\n\n\t\t\t\t\t<div id=\"elementor-tab-content-1562\" class=\"elementor-tab-content elementor-clearfix\" data-tab=\"2\" role=\"region\" aria-labelledby=\"elementor-tab-title-1562\"><p>BOE<\/p><ul><li><a href=\"https:\/\/comunitatregants.org\/web\/wp-content\/uploads\/2025\/10\/BOE-B-2025-34215.pdf\">Convocat\u00f2ria Junta General Ordin\u00e0ria celebrar el dia 10 d&#8217;Octubre de 2025<\/a><\/li><\/ul><p>BOP<\/p><ul><li><a href=\"https:\/\/comunitatregants.org\/web\/wp-content\/uploads\/2025\/03\/Convocatoria-Junta-21-03-25.pdf\">Convocat\u00f2ria Junta General Ordin\u00e0ria celebrar el dia 21 de Mar\u00e7 de 2025<\/a><\/li><\/ul><\/div>\n\t\t\t\t<\/div>\n\t\t\t\t\t\t\t<div class=\"elementor-toggle-item\">\n\t\t\t\t\t<div id=\"elementor-tab-title-1563\" class=\"elementor-tab-title\" data-tab=\"3\" role=\"button\" aria-controls=\"elementor-tab-content-1563\" aria-expanded=\"false\">\n\t\t\t\t\t\t\t\t\t\t\t\t<span class=\"elementor-toggle-icon elementor-toggle-icon-left\" aria-hidden=\"true\">\n\t\t\t\t\t\t\t\t\t\t\t\t\t\t\t<span class=\"elementor-toggle-icon-closed\"><i class=\"fas fa-caret-right\"><\/i><\/span>\n\t\t\t\t\t\t\t\t<span class=\"elementor-toggle-icon-opened\"><i class=\"elementor-toggle-icon-opened fas fa-caret-up\"><\/i><\/span>\n\t\t\t\t\t\t\t\t\t\t\t\t\t<\/span>\n\t\t\t\t\t\t\t\t\t\t\t\t<a class=\"elementor-toggle-title\" tabindex=\"0\">2024<\/a>\n\t\t\t\t\t<\/div>\n\n\t\t\t\t\t<div id=\"elementor-tab-content-1563\" class=\"elementor-tab-content elementor-clearfix\" data-tab=\"3\" role=\"region\" aria-labelledby=\"elementor-tab-title-1563\"><p>BOE<\/p><ul><li><a href=\"https:\/\/comunitatregants.org\/web\/wp-content\/uploads\/2024\/09\/BOE-publicacio-Junta-General_POBLENOU.pdf\">Convocat\u00f2ria Junta General Ordin\u00e0ria celebrar el dia 19 d&#8217;octubre<\/a><\/li><li><a href=\"https:\/\/comunitatregants.org\/web\/wp-content\/uploads\/2024\/09\/BOE-publicacio-Junta-General-EPOBLENOU.pdf\">Convocat\u00f2ria Junta General Extraordin\u00e0ria celebrar el dia 19 d&#8217;octubre<\/a><\/li><\/ul><p>BOP<\/p><ul><li><a href=\"https:\/\/comunitatregants.org\/web\/wp-content\/uploads\/2024\/09\/Junta-Octubre.pdf\">Convocat\u00f2ria Junta General Ordin\u00e0ria celebrar el dia 19 d&#8217;octubre<\/a><\/li><li><a href=\"https:\/\/comunitatregants.org\/web\/wp-content\/uploads\/2024\/09\/Junta-Ext.-Octubre.pdf\">Convocat\u00f2ria Junta General Extraordin\u00e0ria celebrar el dia 19 d&#8217;octubre<\/a><\/li><li><a href=\"https:\/\/www.comunitatregants.org\/doc\/convo-junta-poble-nou-20240322-cat.pdf\">Convocat\u00f2ria Junta General Ordin\u00e0ria celebrar el dia 22 de mar\u00e7<\/a><\/li><\/ul><\/div>\n\t\t\t\t<\/div>\n\t\t\t\t\t\t\t<div class=\"elementor-toggle-item\">\n\t\t\t\t\t<div id=\"elementor-tab-title-1564\" class=\"elementor-tab-title\" data-tab=\"4\" role=\"button\" aria-controls=\"elementor-tab-content-1564\" aria-expanded=\"false\">\n\t\t\t\t\t\t\t\t\t\t\t\t<span class=\"elementor-toggle-icon elementor-toggle-icon-left\" aria-hidden=\"true\">\n\t\t\t\t\t\t\t\t\t\t\t\t\t\t\t<span class=\"elementor-toggle-icon-closed\"><i class=\"fas fa-caret-right\"><\/i><\/span>\n\t\t\t\t\t\t\t\t<span class=\"elementor-toggle-icon-opened\"><i class=\"elementor-toggle-icon-opened fas fa-caret-up\"><\/i><\/span>\n\t\t\t\t\t\t\t\t\t\t\t\t\t<\/span>\n\t\t\t\t\t\t\t\t\t\t\t\t<a class=\"elementor-toggle-title\" tabindex=\"0\">2023<\/a>\n\t\t\t\t\t<\/div>\n\n\t\t\t\t\t<div id=\"elementor-tab-content-1564\" class=\"elementor-tab-content elementor-clearfix\" data-tab=\"4\" role=\"region\" aria-labelledby=\"elementor-tab-title-1564\"><ul><li><a href=\"https:\/\/comunitatregants.org\/web\/wp-content\/uploads\/2024\/09\/convocatoria-junta-zona-poble-nou-20230325.pdf\">Convocat\u00f2ria Junta General Ordin\u00e0ria celebrar el dia 25 de mar\u00e7<\/a><\/li><li><a href=\"https:\/\/comunitatregants.org\/web\/wp-content\/uploads\/2024\/09\/Junta-19-10-23.pdf\">Convocat\u00f2ria Junta General Ordin\u00e0ria celebrar el dia 19 d&#8217;octubre<\/a><\/li><\/ul><\/div>\n\t\t\t\t<\/div>\n\t\t\t\t\t\t\t<div class=\"elementor-toggle-item\">\n\t\t\t\t\t<div id=\"elementor-tab-title-1565\" class=\"elementor-tab-title\" data-tab=\"5\" role=\"button\" aria-controls=\"elementor-tab-content-1565\" aria-expanded=\"false\">\n\t\t\t\t\t\t\t\t\t\t\t\t<span class=\"elementor-toggle-icon elementor-toggle-icon-left\" aria-hidden=\"true\">\n\t\t\t\t\t\t\t\t\t\t\t\t\t\t\t<span class=\"elementor-toggle-icon-closed\"><i class=\"fas fa-caret-right\"><\/i><\/span>\n\t\t\t\t\t\t\t\t<span class=\"elementor-toggle-icon-opened\"><i class=\"elementor-toggle-icon-opened fas fa-caret-up\"><\/i><\/span>\n\t\t\t\t\t\t\t\t\t\t\t\t\t<\/span>\n\t\t\t\t\t\t\t\t\t\t\t\t<a class=\"elementor-toggle-title\" tabindex=\"0\">2022<\/a>\n\t\t\t\t\t<\/div>\n\n\t\t\t\t\t<div id=\"elementor-tab-content-1565\" class=\"elementor-tab-content elementor-clearfix\" data-tab=\"5\" role=\"region\" aria-labelledby=\"elementor-tab-title-1565\"><ul><li><a href=\"https:\/\/www.comunitatregants.org\/doc\/convocatoria-junta-general-poble-nou-20221028.pdf\">Convocat\u00f2ria Junta General Ordin\u00e0ria a celebrar el dia 28 d&#8217;octubre<\/a><\/li><li><a href=\"https:\/\/www.comunitatregants.org\/doc\/convocatoria-junta-general-zona-poble-nou-20220326.pdf\">Convocat\u00f2ria Junta General Ordin\u00e0ria a celebrar el dia 26 de mar\u00e7<\/a><\/li><\/ul><\/div>\n\t\t\t\t<\/div>\n\t\t\t\t\t\t\t<div class=\"elementor-toggle-item\">\n\t\t\t\t\t<div id=\"elementor-tab-title-1566\" class=\"elementor-tab-title\" data-tab=\"6\" role=\"button\" aria-controls=\"elementor-tab-content-1566\" aria-expanded=\"false\">\n\t\t\t\t\t\t\t\t\t\t\t\t<span class=\"elementor-toggle-icon elementor-toggle-icon-left\" aria-hidden=\"true\">\n\t\t\t\t\t\t\t\t\t\t\t\t\t\t\t<span class=\"elementor-toggle-icon-closed\"><i class=\"fas fa-caret-right\"><\/i><\/span>\n\t\t\t\t\t\t\t\t<span class=\"elementor-toggle-icon-opened\"><i class=\"elementor-toggle-icon-opened fas fa-caret-up\"><\/i><\/span>\n\t\t\t\t\t\t\t\t\t\t\t\t\t<\/span>\n\t\t\t\t\t\t\t\t\t\t\t\t<a class=\"elementor-toggle-title\" tabindex=\"0\">2021<\/a>\n\t\t\t\t\t<\/div>\n\n\t\t\t\t\t<div id=\"elementor-tab-content-1566\" class=\"elementor-tab-content elementor-clearfix\" data-tab=\"6\" role=\"region\" aria-labelledby=\"elementor-tab-title-1566\"><ul><li><a href=\"https:\/\/www.comunitatregants.org\/doc\/convocatoria-junta-general-zona-poble-nou-20211016.pdf\">Convocat\u00f2ria Junta General Ordin\u00e0ria a celebrar el dia 16 d&#8217;octubre<\/a><\/li><li><a href=\"https:\/\/www.comunitatregants.org\/doc\/convocatoria-ctat-poble-nou-20210327.pdf\">Convocat\u00f2ria Junta General Ordin\u00e0ria a celebrar el dia 27 de mar\u00e7<\/a><\/li><\/ul><\/div>\n\t\t\t\t<\/div>\n\t\t\t\t\t\t\t<div class=\"elementor-toggle-item\">\n\t\t\t\t\t<div id=\"elementor-tab-title-1567\" class=\"elementor-tab-title\" data-tab=\"7\" role=\"button\" aria-controls=\"elementor-tab-content-1567\" aria-expanded=\"false\">\n\t\t\t\t\t\t\t\t\t\t\t\t<span class=\"elementor-toggle-icon elementor-toggle-icon-left\" aria-hidden=\"true\">\n\t\t\t\t\t\t\t\t\t\t\t\t\t\t\t<span class=\"elementor-toggle-icon-closed\"><i class=\"fas fa-caret-right\"><\/i><\/span>\n\t\t\t\t\t\t\t\t<span class=\"elementor-toggle-icon-opened\"><i class=\"elementor-toggle-icon-opened fas fa-caret-up\"><\/i><\/span>\n\t\t\t\t\t\t\t\t\t\t\t\t\t<\/span>\n\t\t\t\t\t\t\t\t\t\t\t\t<a class=\"elementor-toggle-title\" tabindex=\"0\">2020<\/a>\n\t\t\t\t\t<\/div>\n\n\t\t\t\t\t<div id=\"elementor-tab-content-1567\" class=\"elementor-tab-content elementor-clearfix\" data-tab=\"7\" role=\"region\" aria-labelledby=\"elementor-tab-title-1567\"><p><a href=\"https:\/\/www.comunitatregants.org\/doc\/anunci-suspensio-junta-general-poblenou-20201019.pdf\">La Junta General Ordin\u00e0ria prevista per al 17\/10\/2020 queda suspesa i ser\u00e0 novament convocada<\/a> \u00a0\u00a0 \u00a0<\/p><p><a href=\"https:\/\/www.comunitatregants.org\/doc\/convocatoria-junta-general-poble-nou-20201017.pdf\">Convocat\u00f2ria Junta General Ordin\u00e0ria 17\/10\/2020<\/a>\u00a0\u00a0\u00a0 \u00a0<\/p><p><a href=\"https:\/\/www.comunitatregants.org\/doc\/20200617-nota-informativa-poble-nou.pdf\">L&#8217;ordre del dia de la Junta General prevista per a mar\u00e7 ser\u00e0 incl\u00f2s a la Junta General que habitualment es convoca a l&#8217;octubre (llegir tot l&#8217;anunci)<\/a><\/p><p><a href=\"https:\/\/www.comunitatregants.org\/doc\/anul-lacio-junta-poble-nou-marc-2020.pdf\">ANUL\u00b7LACI\u00d3 Convocat\u00f2ria Junta General Ordin\u00e0ria 21\/03\/2020<\/a><\/p><p><a href=\"https:\/\/www.comunitatregants.org\/doc\/junta-ordinaria-ctat-poble-nou-20200321.pdf\">Convocat\u00f2ria Junta General Ordin\u00e0ria 21\/03\/2020<\/a><\/p><\/div>\n\t\t\t\t<\/div>\n\t\t\t\t\t\t\t\t<\/div>\n\t\t\t\t<\/div>\n\t\t\t\t<\/div>\n\t\t\t\t\t<\/div>\n\t\t<\/div>\n\t\t\t\t\t<\/div>\n\t\t<\/section>\n\t\t\t\t<\/div>\n\t\t","protected":false},"excerpt":{"rendered":"<p>JUNTES GENERALS Home 2026 \u00a0 (BOE) Convocat\u00f2ria Junta General Ordin\u00e0ria celebrar el dia 27 de Mar\u00e7 de 2026 Convocat\u00f2ria Junta General Ordin\u00e0ria celebrar el dia 27 de Mar\u00e7 de 2026 2025 BOE Convocat\u00f2ria Junta General Ordin\u00e0ria celebrar el dia 10 d&#8217;Octubre de 2025 BOP Convocat\u00f2ria Junta General Ordin\u00e0ria celebrar el dia 21 de Mar\u00e7 de [&hellip;]<\/p>\n","protected":false},"author":1,"featured_media":0,"parent":2666,"menu_order":0,"comment_status":"closed","ping_status":"closed","template":"full-width.php","meta":{"_acf_changed":false,"footnotes":""},"class_list":["post-3122","page","type-page","status-publish","hentry"],"acf":[],"_links":{"self":[{"href":"https:\/\/comunitatregants.org\/web\/wp-json\/wp\/v2\/pages\/3122","targetHints":{"allow":["GET"]}}],"collection":[{"href":"https:\/\/comunitatregants.org\/web\/wp-json\/wp\/v2\/pages"}],"about":[{"href":"https:\/\/comunitatregants.org\/web\/wp-json\/wp\/v2\/types\/page"}],"author":[{"embeddable":true,"href":"https:\/\/comunitatregants.org\/web\/wp-json\/wp\/v2\/users\/1"}],"replies":[{"embeddable":true,"href":"https:\/\/comunitatregants.org\/web\/wp-json\/wp\/v2\/comments?post=3122"}],"version-history":[{"count":15,"href":"https:\/\/comunitatregants.org\/web\/wp-json\/wp\/v2\/pages\/3122\/revisions"}],"predecessor-version":[{"id":6678,"href":"https:\/\/comunitatregants.org\/web\/wp-json\/wp\/v2\/pages\/3122\/revisions\/6678"}],"up":[{"embeddable":true,"href":"https:\/\/comunitatregants.org\/web\/wp-json\/wp\/v2\/pages\/2666"}],"wp:attachment":[{"href":"https:\/\/comunitatregants.org\/web\/wp-json\/wp\/v2\/media?parent=3122"}],"curies":[{"name":"wp","href":"https:\/\/api.w.org\/{rel}","templated":true}]}}